{"id":613,"date":"2021-12-08T18:37:37","date_gmt":"2021-12-08T17:37:37","guid":{"rendered":"https:\/\/annalubinski.com\/blog\/portfolio-illustration\/?page_id=613"},"modified":"2026-01-19T09:34:08","modified_gmt":"2026-01-19T08:34:08","slug":"projets-artistiques-corporate","status":"publish","type":"page","link":"https:\/\/annalubinski.com\/blog\/portfolio-illustration\/projets-artistiques-corporate\/","title":{"rendered":"Corporate"},"content":{"rendered":"\n<p>J&rsquo;ai r\u00e9uni ici tous les projets originaux qui sortent du cadre de l&rsquo;\u00e9dition et de la presse jeunesse. Vous pourrez d\u00e9couvrir de quelle mani\u00e8re je mets mon talent au service des marques et des institutions. Si vous souhaitez faire appel \u00e0 mes services, contactez-moi via mon formulaire et nous verrons ensemble si je peux apporter quelque chose \u00e0 votre projet.<\/p>\n\n\n\n<p><em>I gathered here all the original projects that go beyond the framework of publishing and press. You will be able to discover how I put my talent at the service of brands and institutions. If you want to use my services, contact me through my form to see if I can bring something to your project.<\/em><\/p>\n\n\n\n<h1>Vid\u00e9o trailer Minimal Stories<\/h1>\n\n\n\n<figure class=\"wp-block-image size-full\"><img decoding=\"async\" loading=\"lazy\" width=\"900\" height=\"505\" src=\"https:\/\/annalubinski.com\/blog\/portfolio-illustration\/wp-content\/uploads\/sites\/3\/2026\/01\/trailer-minimal-stories-parigo-anna-lubinski-1.jpg\" alt=\"\" class=\"wp-image-731\" srcset=\"https:\/\/annalubinski.com\/blog\/portfolio-illustration\/wp-content\/uploads\/sites\/3\/2026\/01\/trailer-minimal-stories-parigo-anna-lubinski-1.jpg 900w, https:\/\/annalubinski.com\/blog\/portfolio-illustration\/wp-content\/uploads\/sites\/3\/2026\/01\/trailer-minimal-stories-parigo-anna-lubinski-1-300x168.jpg 300w, https:\/\/annalubinski.com\/blog\/portfolio-illustration\/wp-content\/uploads\/sites\/3\/2026\/01\/trailer-minimal-stories-parigo-anna-lubinski-1-768x431.jpg 768w, https:\/\/annalubinski.com\/blog\/portfolio-illustration\/wp-content\/uploads\/sites\/3\/2026\/01\/trailer-minimal-stories-parigo-anna-lubinski-1-690x387.jpg 690w\" sizes=\"(max-width: 900px) 100vw, 900px\" \/><\/figure>\n\n\n<p><\/p>\n\n\n<figure class=\"wp-block-image size-full\"><img decoding=\"async\" loading=\"lazy\" width=\"900\" height=\"508\" src=\"https:\/\/annalubinski.com\/blog\/portfolio-illustration\/wp-content\/uploads\/sites\/3\/2026\/01\/trailer-minimal-stories-parigo-anna-lubinski-2.jpg\" alt=\"\" class=\"wp-image-732\" srcset=\"https:\/\/annalubinski.com\/blog\/portfolio-illustration\/wp-content\/uploads\/sites\/3\/2026\/01\/trailer-minimal-stories-parigo-anna-lubinski-2.jpg 900w, https:\/\/annalubinski.com\/blog\/portfolio-illustration\/wp-content\/uploads\/sites\/3\/2026\/01\/trailer-minimal-stories-parigo-anna-lubinski-2-300x169.jpg 300w, https:\/\/annalubinski.com\/blog\/portfolio-illustration\/wp-content\/uploads\/sites\/3\/2026\/01\/trailer-minimal-stories-parigo-anna-lubinski-2-768x433.jpg 768w, https:\/\/annalubinski.com\/blog\/portfolio-illustration\/wp-content\/uploads\/sites\/3\/2026\/01\/trailer-minimal-stories-parigo-anna-lubinski-2-690x389.jpg 690w\" sizes=\"(max-width: 900px) 100vw, 900px\" \/><\/figure>\n\n\n<p><\/p>\n\n\n<p>J&rsquo;ai cr\u00e9er les diff\u00e9rents panneaux illustr\u00e9s pour <em>cette vid\u00e9o promotionnelle \u00e0 l&rsquo;occasion de la sortie de l&rsquo;album Minimal Stories Volume 3 chez Parigo Music. Vous pourrez y voir <\/em>les diff\u00e9rentes illustrations au trait minimaliste appara\u00eetre au fur et \u00e0 mesure du d\u00e9roul\u00e9 de la vid\u00e9o<em>. <a rel=\"noreferrer noopener\" href=\"https:\/\/youtu.be\/YuTFkZ04C3c?si=AOIWd-MlfziAPW8k\" target=\"_blank\">D\u00e9couvrez la vid\u00e9o !<\/a><\/em><\/p>\n\n\n\n<figure class=\"wp-block-image size-full\"><img decoding=\"async\" loading=\"lazy\" width=\"900\" height=\"75\" src=\"https:\/\/annalubinski.com\/blog\/portfolio-illustration\/wp-content\/uploads\/sites\/3\/2021\/12\/separateur-75px-high.png\" alt=\"\" class=\"wp-image-657\" srcset=\"https:\/\/annalubinski.com\/blog\/portfolio-illustration\/wp-content\/uploads\/sites\/3\/2021\/12\/separateur-75px-high.png 900w, https:\/\/annalubinski.com\/blog\/portfolio-illustration\/wp-content\/uploads\/sites\/3\/2021\/12\/separateur-75px-high-300x25.png 300w, https:\/\/annalubinski.com\/blog\/portfolio-illustration\/wp-content\/uploads\/sites\/3\/2021\/12\/separateur-75px-high-768x64.png 768w, https:\/\/annalubinski.com\/blog\/portfolio-illustration\/wp-content\/uploads\/sites\/3\/2021\/12\/separateur-75px-high-690x58.png 690w\" sizes=\"(max-width: 900px) 100vw, 900px\" \/><\/figure>\n\n\n\n<h1><strong>Fresque Pok\u00e9mon Diamant \u00c9tincelant et Pok\u00e9mon Perle Scintillante<\/strong><\/h1>\n\n\n\n<figure class=\"wp-block-image size-full\"><a href=\"https:\/\/youtu.be\/ogMaNZfexgE?t=370\" target=\"_blank\" rel=\"noopener\"><img decoding=\"async\" loading=\"lazy\" width=\"900\" height=\"234\" src=\"https:\/\/annalubinski.com\/blog\/portfolio-illustration\/wp-content\/uploads\/sites\/3\/2021\/12\/video-youtube-neoxi-base-secrete-pokemon-fresque-1.png\" alt=\"\" class=\"wp-image-652\" srcset=\"https:\/\/annalubinski.com\/blog\/portfolio-illustration\/wp-content\/uploads\/sites\/3\/2021\/12\/video-youtube-neoxi-base-secrete-pokemon-fresque-1.png 900w, https:\/\/annalubinski.com\/blog\/portfolio-illustration\/wp-content\/uploads\/sites\/3\/2021\/12\/video-youtube-neoxi-base-secrete-pokemon-fresque-1-300x78.png 300w, https:\/\/annalubinski.com\/blog\/portfolio-illustration\/wp-content\/uploads\/sites\/3\/2021\/12\/video-youtube-neoxi-base-secrete-pokemon-fresque-1-768x200.png 768w, https:\/\/annalubinski.com\/blog\/portfolio-illustration\/wp-content\/uploads\/sites\/3\/2021\/12\/video-youtube-neoxi-base-secrete-pokemon-fresque-1-690x179.png 690w\" sizes=\"(max-width: 900px) 100vw, 900px\" \/><\/a><\/figure>\n\n\n\n<figure class=\"wp-block-image size-full\"><a href=\"https:\/\/youtu.be\/ogMaNZfexgE?t=370\" target=\"_blank\" rel=\"noopener\"><img decoding=\"async\" loading=\"lazy\" width=\"900\" height=\"234\" src=\"https:\/\/annalubinski.com\/blog\/portfolio-illustration\/wp-content\/uploads\/sites\/3\/2021\/12\/video-youtube-neoxi-base-secrete-pokemon-fresque-2.png\" alt=\"\" class=\"wp-image-653\" srcset=\"https:\/\/annalubinski.com\/blog\/portfolio-illustration\/wp-content\/uploads\/sites\/3\/2021\/12\/video-youtube-neoxi-base-secrete-pokemon-fresque-2.png 900w, https:\/\/annalubinski.com\/blog\/portfolio-illustration\/wp-content\/uploads\/sites\/3\/2021\/12\/video-youtube-neoxi-base-secrete-pokemon-fresque-2-300x78.png 300w, https:\/\/annalubinski.com\/blog\/portfolio-illustration\/wp-content\/uploads\/sites\/3\/2021\/12\/video-youtube-neoxi-base-secrete-pokemon-fresque-2-768x200.png 768w, https:\/\/annalubinski.com\/blog\/portfolio-illustration\/wp-content\/uploads\/sites\/3\/2021\/12\/video-youtube-neoxi-base-secrete-pokemon-fresque-2-690x179.png 690w\" sizes=\"(max-width: 900px) 100vw, 900px\" \/><\/a><\/figure>\n\n\n\n<figure class=\"wp-block-image size-full\"><a href=\"https:\/\/youtu.be\/ogMaNZfexgE?t=370\" target=\"_blank\" rel=\"noopener\"><img decoding=\"async\" loading=\"lazy\" width=\"900\" height=\"234\" src=\"https:\/\/annalubinski.com\/blog\/portfolio-illustration\/wp-content\/uploads\/sites\/3\/2021\/12\/video-youtube-neoxi-base-secrete-pokemon-fresque-3.png\" alt=\"\" class=\"wp-image-654\" srcset=\"https:\/\/annalubinski.com\/blog\/portfolio-illustration\/wp-content\/uploads\/sites\/3\/2021\/12\/video-youtube-neoxi-base-secrete-pokemon-fresque-3.png 900w, https:\/\/annalubinski.com\/blog\/portfolio-illustration\/wp-content\/uploads\/sites\/3\/2021\/12\/video-youtube-neoxi-base-secrete-pokemon-fresque-3-300x78.png 300w, https:\/\/annalubinski.com\/blog\/portfolio-illustration\/wp-content\/uploads\/sites\/3\/2021\/12\/video-youtube-neoxi-base-secrete-pokemon-fresque-3-768x200.png 768w, https:\/\/annalubinski.com\/blog\/portfolio-illustration\/wp-content\/uploads\/sites\/3\/2021\/12\/video-youtube-neoxi-base-secrete-pokemon-fresque-3-690x179.png 690w\" sizes=\"(max-width: 900px) 100vw, 900px\" \/><\/a><figcaption class=\"wp-element-caption\"><em>\u00c0 l&rsquo;occasion de la r\u00e9\u00e9dition du jeu Pok\u00e9mon Diamant \u00c9tincelant et Pok\u00e9mon Perle Scintillante sur Nintendo Switch, le youtubeur Neoxi a r\u00e9alis\u00e9 une vid\u00e9o dans laquelle il construit une base secr\u00e8te. Il a fait appel \u00e0 moi pour cr\u00e9er une fresque afin de d\u00e9corer cet endroit cach\u00e9. Dans cette vid\u00e9o, en plus de voir Neoxi construire sa base, vous pourrez me voir peindre en timelapse une fresque sur le th\u00e8me du jeu. J&rsquo;ai peint une grotte dans laquelle Neoxi lance une pok\u00e9ball sur les deux Pok\u00e9mons l\u00e9gendaires du jeu, Palkia et Dialga, accompagn\u00e9 d&rsquo;un Tiplouf, le Pok\u00e9mon starter de la licence. <a rel=\"noreferrer noopener\" href=\"https:\/\/youtu.be\/ogMaNZfexgE?t=370\" target=\"_blank\">D\u00e9couvrez la vid\u00e9o !<\/a><\/em><\/figcaption><\/figure>\n\n\n\n<figure class=\"is-layout-flex wp-block-gallery-1 wp-block-gallery has-nested-images columns-default is-cropped\">\n<figure class=\"wp-block-image size-full\"><img decoding=\"async\" loading=\"lazy\" width=\"900\" height=\"75\" data-id=\"657\"  src=\"https:\/\/annalubinski.com\/blog\/portfolio-illustration\/wp-content\/uploads\/sites\/3\/2021\/12\/separateur-75px-high.png\" alt=\"\" class=\"wp-image-657\" srcset=\"https:\/\/annalubinski.com\/blog\/portfolio-illustration\/wp-content\/uploads\/sites\/3\/2021\/12\/separateur-75px-high.png 900w, https:\/\/annalubinski.com\/blog\/portfolio-illustration\/wp-content\/uploads\/sites\/3\/2021\/12\/separateur-75px-high-300x25.png 300w, https:\/\/annalubinski.com\/blog\/portfolio-illustration\/wp-content\/uploads\/sites\/3\/2021\/12\/separateur-75px-high-768x64.png 768w, https:\/\/annalubinski.com\/blog\/portfolio-illustration\/wp-content\/uploads\/sites\/3\/2021\/12\/separateur-75px-high-690x58.png 690w\" sizes=\"(max-width: 900px) 100vw, 900px\" \/><\/figure>\n<\/figure>\n\n\n\n<h1><strong>Atelier dessin et exposition lors du Mois du Livre Jeunesse \u00e0 \u00c9vreux<\/strong><\/h1>\n\n\n\n<figure class=\"wp-block-image size-full\"><img decoding=\"async\" loading=\"lazy\" width=\"900\" height=\"900\" src=\"https:\/\/annalubinski.com\/blog\/portfolio-illustration\/wp-content\/uploads\/sites\/3\/2023\/03\/atelier-dessin-animaux-mois-livre-jeunesse-bibliotheque-universitaire-evreux.png\" alt=\"\" class=\"wp-image-683\" srcset=\"https:\/\/annalubinski.com\/blog\/portfolio-illustration\/wp-content\/uploads\/sites\/3\/2023\/03\/atelier-dessin-animaux-mois-livre-jeunesse-bibliotheque-universitaire-evreux.png 900w, https:\/\/annalubinski.com\/blog\/portfolio-illustration\/wp-content\/uploads\/sites\/3\/2023\/03\/atelier-dessin-animaux-mois-livre-jeunesse-bibliotheque-universitaire-evreux-300x300.png 300w, https:\/\/annalubinski.com\/blog\/portfolio-illustration\/wp-content\/uploads\/sites\/3\/2023\/03\/atelier-dessin-animaux-mois-livre-jeunesse-bibliotheque-universitaire-evreux-150x150.png 150w, https:\/\/annalubinski.com\/blog\/portfolio-illustration\/wp-content\/uploads\/sites\/3\/2023\/03\/atelier-dessin-animaux-mois-livre-jeunesse-bibliotheque-universitaire-evreux-768x768.png 768w, https:\/\/annalubinski.com\/blog\/portfolio-illustration\/wp-content\/uploads\/sites\/3\/2023\/03\/atelier-dessin-animaux-mois-livre-jeunesse-bibliotheque-universitaire-evreux-690x690.png 690w\" sizes=\"(max-width: 900px) 100vw, 900px\" \/><\/figure>\n\n\n\n<p><\/p>\n\n\n\n<p>Lors du mois du livre jeunesse j&rsquo;ai rencontr\u00e9 deux classes \u00e9l\u00e9mentaires qui ont \u00e9t\u00e9 convi\u00e9es \u00e0 la Biblioth\u00e8que universitaire d&rsquo; \u00c9vreux pour participer \u00e0 un atelier de dessin d&rsquo;animaux. J&rsquo;ai con\u00e7u un livret pour les aider \u00e0 dessiner 4 animaux sauvages gr\u00e2ce \u00e0 des \u00e9tape par \u00e9tape. Les enfants ont pu apprendre \u00e0 dessiner un flamant rose, un \u00e9l\u00e9phant, un z\u00e8bre et un tigre. Vous aussi dessinez des animaux!<\/p>\n\n\n\n<figure class=\"wp-block-image size-full\"><img decoding=\"async\" loading=\"lazy\" width=\"900\" height=\"315\" src=\"https:\/\/annalubinski.com\/blog\/portfolio-illustration\/wp-content\/uploads\/sites\/3\/2023\/03\/exposition-carnets-bibliotheque-universitaire-evreux.png\" alt=\"\" class=\"wp-image-687\" srcset=\"https:\/\/annalubinski.com\/blog\/portfolio-illustration\/wp-content\/uploads\/sites\/3\/2023\/03\/exposition-carnets-bibliotheque-universitaire-evreux.png 900w, https:\/\/annalubinski.com\/blog\/portfolio-illustration\/wp-content\/uploads\/sites\/3\/2023\/03\/exposition-carnets-bibliotheque-universitaire-evreux-300x105.png 300w, https:\/\/annalubinski.com\/blog\/portfolio-illustration\/wp-content\/uploads\/sites\/3\/2023\/03\/exposition-carnets-bibliotheque-universitaire-evreux-768x269.png 768w, https:\/\/annalubinski.com\/blog\/portfolio-illustration\/wp-content\/uploads\/sites\/3\/2023\/03\/exposition-carnets-bibliotheque-universitaire-evreux-690x242.png 690w\" sizes=\"(max-width: 900px) 100vw, 900px\" \/><\/figure>\n\n\n\n<p><\/p>\n\n\n\n<p>\u00c0 cette occasion quelques uns de mes carnets de croquis ont \u00e9t\u00e9 expos\u00e9s \u00e0 la Biblioth\u00e8que universitaire d&rsquo; \u00c9vreux.<\/p>\n\n\n\n<figure class=\"wp-block-image size-full\"><img decoding=\"async\" loading=\"lazy\" width=\"900\" height=\"75\" src=\"https:\/\/annalubinski.com\/blog\/portfolio-illustration\/wp-content\/uploads\/sites\/3\/2021\/12\/separateur-75px-high.png\" alt=\"\" class=\"wp-image-657\" srcset=\"https:\/\/annalubinski.com\/blog\/portfolio-illustration\/wp-content\/uploads\/sites\/3\/2021\/12\/separateur-75px-high.png 900w, https:\/\/annalubinski.com\/blog\/portfolio-illustration\/wp-content\/uploads\/sites\/3\/2021\/12\/separateur-75px-high-300x25.png 300w, https:\/\/annalubinski.com\/blog\/portfolio-illustration\/wp-content\/uploads\/sites\/3\/2021\/12\/separateur-75px-high-768x64.png 768w, https:\/\/annalubinski.com\/blog\/portfolio-illustration\/wp-content\/uploads\/sites\/3\/2021\/12\/separateur-75px-high-690x58.png 690w\" sizes=\"(max-width: 900px) 100vw, 900px\" \/><\/figure>\n\n\n\n<h1><strong>Vid\u00e9o Hold Me Closer<\/strong><\/h1>\n\n\n\n<figure class=\"wp-block-image size-full\"><a href=\"https:\/\/youtu.be\/ugsBtjXVgN0\" target=\"_blank\" rel=\"noopener\"><img decoding=\"async\" loading=\"lazy\" width=\"900\" height=\"512\" src=\"https:\/\/annalubinski.com\/blog\/portfolio-illustration\/wp-content\/uploads\/sites\/3\/2021\/12\/video-promotionelle-parigo-brand-content-2.jpg\" alt=\"\" class=\"wp-image-642\" srcset=\"https:\/\/annalubinski.com\/blog\/portfolio-illustration\/wp-content\/uploads\/sites\/3\/2021\/12\/video-promotionelle-parigo-brand-content-2.jpg 900w, https:\/\/annalubinski.com\/blog\/portfolio-illustration\/wp-content\/uploads\/sites\/3\/2021\/12\/video-promotionelle-parigo-brand-content-2-300x171.jpg 300w, https:\/\/annalubinski.com\/blog\/portfolio-illustration\/wp-content\/uploads\/sites\/3\/2021\/12\/video-promotionelle-parigo-brand-content-2-768x437.jpg 768w, https:\/\/annalubinski.com\/blog\/portfolio-illustration\/wp-content\/uploads\/sites\/3\/2021\/12\/video-promotionelle-parigo-brand-content-2-690x393.jpg 690w\" sizes=\"(max-width: 900px) 100vw, 900px\" \/><\/a><figcaption class=\"wp-element-caption\"><em>Cette vid\u00e9o \u00e0 vis\u00e9e promotionnelle a \u00e9t\u00e9 film\u00e9e \u00e0 l&rsquo;occasion de la sortie du titre \u00ab\u00a0Hold Me Closer\u00a0\u00bb de l&rsquo;album Brand Content chez Parigo Music. Vous pourrez m&rsquo;y voir dessiner le portrait de deux parisiens en timelapse avec des Promarkers. <a rel=\"noreferrer noopener\" href=\"https:\/\/youtu.be\/ugsBtjXVgN0\" target=\"_blank\">D\u00e9couvrez la vid\u00e9o !<\/a><\/em><\/figcaption><\/figure>\n\n\n\n<figure class=\"wp-block-image size-full\"><img decoding=\"async\" loading=\"lazy\" width=\"900\" height=\"75\" src=\"https:\/\/annalubinski.com\/blog\/portfolio-illustration\/wp-content\/uploads\/sites\/3\/2021\/12\/separateur-75px-high.png\" alt=\"\" class=\"wp-image-657\" srcset=\"https:\/\/annalubinski.com\/blog\/portfolio-illustration\/wp-content\/uploads\/sites\/3\/2021\/12\/separateur-75px-high.png 900w, https:\/\/annalubinski.com\/blog\/portfolio-illustration\/wp-content\/uploads\/sites\/3\/2021\/12\/separateur-75px-high-300x25.png 300w, https:\/\/annalubinski.com\/blog\/portfolio-illustration\/wp-content\/uploads\/sites\/3\/2021\/12\/separateur-75px-high-768x64.png 768w, https:\/\/annalubinski.com\/blog\/portfolio-illustration\/wp-content\/uploads\/sites\/3\/2021\/12\/separateur-75px-high-690x58.png 690w\" sizes=\"(max-width: 900px) 100vw, 900px\" \/><\/figure>\n\n\n\n<h1><strong>Fresque biblioth\u00e8que Louis-Aragon \u00e0 Amiens<\/strong><\/h1>\n\n\n\n<figure class=\"wp-block-image size-full\"><img decoding=\"async\" loading=\"lazy\" width=\"900\" height=\"450\" src=\"https:\/\/annalubinski.com\/blog\/portfolio-illustration\/wp-content\/uploads\/sites\/3\/2021\/12\/atelier-fresque-bam-bibliotheque-louis-aragon-amiens-2.png\" alt=\"\" class=\"wp-image-672\" srcset=\"https:\/\/annalubinski.com\/blog\/portfolio-illustration\/wp-content\/uploads\/sites\/3\/2021\/12\/atelier-fresque-bam-bibliotheque-louis-aragon-amiens-2.png 900w, https:\/\/annalubinski.com\/blog\/portfolio-illustration\/wp-content\/uploads\/sites\/3\/2021\/12\/atelier-fresque-bam-bibliotheque-louis-aragon-amiens-2-300x150.png 300w, https:\/\/annalubinski.com\/blog\/portfolio-illustration\/wp-content\/uploads\/sites\/3\/2021\/12\/atelier-fresque-bam-bibliotheque-louis-aragon-amiens-2-768x384.png 768w, https:\/\/annalubinski.com\/blog\/portfolio-illustration\/wp-content\/uploads\/sites\/3\/2021\/12\/atelier-fresque-bam-bibliotheque-louis-aragon-amiens-2-690x345.png 690w\" sizes=\"(max-width: 900px) 100vw, 900px\" \/><figcaption class=\"wp-element-caption\"><em>J&rsquo;ai dessin\u00e9 les personnages de cette fresque selon les go\u00fbts et les envies des \u00e9l\u00e8ves du micro-coll\u00e8ge Guy-Mareschal.  Puis je les ai guid\u00e9s dans le processus de peinture au sein de l&rsquo;atelier du Mus\u00e9e de Picardie. Enfin une fois la fresque termin\u00e9e, elle a \u00e9t\u00e9 accroch\u00e9e au mur de l&rsquo;espace ado de la biblioth\u00e8que Louis-Aragon \u00e0 Amiens.<\/em><\/figcaption><\/figure>\n\n\n<div class=\"wp-block-image\">\n<figure class=\"alignleft size-full\"><img decoding=\"async\" loading=\"lazy\" width=\"761\" height=\"306\" src=\"https:\/\/annalubinski.com\/blog\/portfolio-illustration\/wp-content\/uploads\/sites\/3\/2021\/12\/article-JDA-numero-986-juin-juillet-2021.jpg\" alt=\"\" class=\"wp-image-629\" srcset=\"https:\/\/annalubinski.com\/blog\/portfolio-illustration\/wp-content\/uploads\/sites\/3\/2021\/12\/article-JDA-numero-986-juin-juillet-2021.jpg 761w, https:\/\/annalubinski.com\/blog\/portfolio-illustration\/wp-content\/uploads\/sites\/3\/2021\/12\/article-JDA-numero-986-juin-juillet-2021-300x121.jpg 300w, https:\/\/annalubinski.com\/blog\/portfolio-illustration\/wp-content\/uploads\/sites\/3\/2021\/12\/article-JDA-numero-986-juin-juillet-2021-690x277.jpg 690w\" sizes=\"(max-width: 761px) 100vw, 761px\" \/><figcaption class=\"wp-element-caption\"><em>Article publi\u00e9 dans le JDA (Journal d&rsquo;Amiens) \u00e0 propos du projet d&rsquo;atelier et de la fresque r\u00e9alis\u00e9e, destin\u00e9e \u00e0 d\u00e9corer l&rsquo;espace ado de la biblioth\u00e8que Louis-Aragon \u00e0 Amiens.<\/em><\/figcaption><\/figure><\/div>\n\n\n<figure class=\"wp-block-image size-full\"><img decoding=\"async\" loading=\"lazy\" width=\"900\" height=\"75\" src=\"https:\/\/annalubinski.com\/blog\/portfolio-illustration\/wp-content\/uploads\/sites\/3\/2021\/12\/separateur-75px-high.png\" alt=\"\" class=\"wp-image-657\" srcset=\"https:\/\/annalubinski.com\/blog\/portfolio-illustration\/wp-content\/uploads\/sites\/3\/2021\/12\/separateur-75px-high.png 900w, https:\/\/annalubinski.com\/blog\/portfolio-illustration\/wp-content\/uploads\/sites\/3\/2021\/12\/separateur-75px-high-300x25.png 300w, https:\/\/annalubinski.com\/blog\/portfolio-illustration\/wp-content\/uploads\/sites\/3\/2021\/12\/separateur-75px-high-768x64.png 768w, https:\/\/annalubinski.com\/blog\/portfolio-illustration\/wp-content\/uploads\/sites\/3\/2021\/12\/separateur-75px-high-690x58.png 690w\" sizes=\"(max-width: 900px) 100vw, 900px\" \/><\/figure>\n\n\n\n<h1><strong>Vid\u00e9o Veggie Week<\/strong><\/h1>\n\n\n\n<figure class=\"wp-block-image is-resized is-style-default\"><a href=\"https:\/\/youtu.be\/mezQ28Rx5YA\"><img decoding=\"async\" loading=\"lazy\" src=\"https:\/\/annalubinski.com\/blog\/portfolio-illustration\/wp-content\/uploads\/sites\/3\/2019\/01\/anna-lubinski-motion-design-veggie-week-geneve-1024x581.jpg\" alt=\"Stop motion en papier d\u00e9coup\u00e9 Veggie Week \u00e0 Gen\u00e8ve\" class=\"wp-image-271\" width=\"900\" height=\"511\" srcset=\"https:\/\/annalubinski.com\/blog\/portfolio-illustration\/wp-content\/uploads\/sites\/3\/2019\/01\/anna-lubinski-motion-design-veggie-week-geneve-1024x581.jpg 1024w, https:\/\/annalubinski.com\/blog\/portfolio-illustration\/wp-content\/uploads\/sites\/3\/2019\/01\/anna-lubinski-motion-design-veggie-week-geneve-300x170.jpg 300w, https:\/\/annalubinski.com\/blog\/portfolio-illustration\/wp-content\/uploads\/sites\/3\/2019\/01\/anna-lubinski-motion-design-veggie-week-geneve-768x436.jpg 768w, https:\/\/annalubinski.com\/blog\/portfolio-illustration\/wp-content\/uploads\/sites\/3\/2019\/01\/anna-lubinski-motion-design-veggie-week-geneve-690x391.jpg 690w, https:\/\/annalubinski.com\/blog\/portfolio-illustration\/wp-content\/uploads\/sites\/3\/2019\/01\/anna-lubinski-motion-design-veggie-week-geneve-980x556.jpg 980w, https:\/\/annalubinski.com\/blog\/portfolio-illustration\/wp-content\/uploads\/sites\/3\/2019\/01\/anna-lubinski-motion-design-veggie-week-geneve.jpg 1354w\" sizes=\"(max-width: 900px) 100vw, 900px\" \/><\/a><figcaption class=\"wp-element-caption\"><em>J&rsquo;ai r\u00e9alis\u00e9 cette courte vid\u00e9o anim\u00e9e en papier d\u00e9coup\u00e9 \u00e0 l&rsquo;occasion de la Veggie Week. Elle a \u00e9t\u00e9 diffus\u00e9e dans tous les restaurants de <em>la ville de Gen\u00e8ve<\/em><\/em><em> participants \u00e0 l&rsquo;\u00e9venement. <a rel=\"noreferrer noopener\" href=\"https:\/\/youtu.be\/mezQ28Rx5YA\" target=\"_blank\">D\u00e9couvrez la vid\u00e9o !<\/a><\/em><\/figcaption><\/figure>\n\n\n\n<p><\/p>\n","protected":false},"excerpt":{"rendered":"<p>J&rsquo;ai r\u00e9uni ici tous les projets originaux qui sortent du cadre de l&rsquo;\u00e9dition et de la presse jeunesse. Vous pourrez d\u00e9couvrir de quelle mani\u00e8re je mets mon talent au service des marques et des institutions. Si vous souhaitez faire appel \u00e0 mes services, contactez-moi via mon formulaire et nous verrons ensemble si je peux apporter [&hellip;]<\/p>\n","protected":false},"author":1,"featured_media":0,"parent":0,"menu_order":0,"comment_status":"closed","ping_status":"closed","template":"","meta":[],"_links":{"self":[{"href":"https:\/\/annalubinski.com\/blog\/portfolio-illustration\/wp-json\/wp\/v2\/pages\/613"}],"collection":[{"href":"https:\/\/annalubinski.com\/blog\/portfolio-illustration\/wp-json\/wp\/v2\/pages"}],"about":[{"href":"https:\/\/annalubinski.com\/blog\/portfolio-illustration\/wp-json\/wp\/v2\/types\/page"}],"author":[{"embeddable":true,"href":"https:\/\/annalubinski.com\/blog\/portfolio-illustration\/wp-json\/wp\/v2\/users\/1"}],"replies":[{"embeddable":true,"href":"https:\/\/annalubinski.com\/blog\/portfolio-illustration\/wp-json\/wp\/v2\/comments?post=613"}],"version-history":[{"count":51,"href":"https:\/\/annalubinski.com\/blog\/portfolio-illustration\/wp-json\/wp\/v2\/pages\/613\/revisions"}],"predecessor-version":[{"id":736,"href":"https:\/\/annalubinski.com\/blog\/portfolio-illustration\/wp-json\/wp\/v2\/pages\/613\/revisions\/736"}],"wp:attachment":[{"href":"https:\/\/annalubinski.com\/blog\/portfolio-illustration\/wp-json\/wp\/v2\/media?parent=613"}],"curies":[{"name":"wp","href":"https:\/\/api.w.org\/{rel}","templated":true}]}}